{"id":110,"date":"2022-07-11T13:00:51","date_gmt":"2022-07-11T16:00:51","guid":{"rendered":"http:\/\/aw5protel.local\/?page_id=110"},"modified":"2024-08-09T15:27:59","modified_gmt":"2024-08-09T18:27:59","slug":"aluguel-e-venda-de-imoveis","status":"publish","type":"page","link":"https:\/\/www.protel.com.br\/protel_wp\/aluguel-e-venda-de-imoveis\/","title":{"rendered":"Aluguel e venda de im\u00f3veis"},"content":{"rendered":"\t\t<div data-elementor-type=\"wp-page\" data-elementor-id=\"110\" class=\"elementor elementor-110\">\n\t\t\t\t\t\t\t\t\t<section class=\"elementor-section elementor-top-section elementor-element elementor-element-4661950 elementor-section-boxed elementor-section-height-default elementor-section-height-default\" data-id=\"4661950\" data-element_type=\"section\">\n\t\t\t\t\t\t<div class=\"elementor-container elementor-column-gap-default\">\n\t\t\t\t\t<div class=\"elementor-column elementor-col-100 elementor-top-column elementor-element elementor-element-00bfe5a\" data-id=\"00bfe5a\" data-element_type=\"column\" data-settings=\"{&quot;background_background&quot;:&quot;classic&quot;}\">\n\t\t\t<div class=\"elementor-widget-wrap elementor-element-populated\">\n\t\t\t\t\t\t\t\t<div class=\"elementor-element elementor-element-38a886f elementor-widget elementor-widget-heading\" data-id=\"38a886f\" data-element_type=\"widget\" data-widget_type=\"heading.default\">\n\t\t\t\t<div class=\"elementor-widget-container\">\n\t\t\t<style>\/*! elementor - v3.7.8 - 02-10-2022 *\/\n.elementor-heading-title{padding:0;margin:0;line-height:1}.elementor-widget-heading .elementor-heading-title[class*=elementor-size-]>a{color:inherit;font-size:inherit;line-height:inherit}.elementor-widget-heading .elementor-heading-title.elementor-size-small{font-size:15px}.elementor-widget-heading .elementor-heading-title.elementor-size-medium{font-size:19px}.elementor-widget-heading .elementor-heading-title.elementor-size-large{font-size:29px}.elementor-widget-heading .elementor-heading-title.elementor-size-xl{font-size:39px}.elementor-widget-heading .elementor-heading-title.elementor-size-xxl{font-size:59px}<\/style><h1 class=\"elementor-heading-title elementor-size-default\">Aluguel e venda de im\u00f3veis<\/h1>\t\t<\/div>\n\t\t\t\t<\/div>\n\t\t\t\t<div class=\"elementor-element elementor-element-f20a15a elementor-widget elementor-widget-text-editor\" data-id=\"f20a15a\" data-element_type=\"widget\" data-widget_type=\"text-editor.default\">\n\t\t\t\t<div class=\"elementor-widget-container\">\n\t\t\t<style>\/*! elementor - v3.7.8 - 02-10-2022 *\/\n.elementor-widget-text-editor.elementor-drop-cap-view-stacked .elementor-drop-cap{background-color:#818a91;color:#fff}.elementor-widget-text-editor.elementor-drop-cap-view-framed .elementor-drop-cap{color:#818a91;border:3px solid;background-color:transparent}.elementor-widget-text-editor:not(.elementor-drop-cap-view-default) .elementor-drop-cap{margin-top:8px}.elementor-widget-text-editor:not(.elementor-drop-cap-view-default) .elementor-drop-cap-letter{width:1em;height:1em}.elementor-widget-text-editor .elementor-drop-cap{float:left;text-align:center;line-height:1;font-size:50px}.elementor-widget-text-editor .elementor-drop-cap-letter{display:inline-block}<\/style>\t\t\t\t<p>Viva a experi\u00eancia de alugar, vender ou comprar um im\u00f3vel com quem tem expertise no que faz h\u00e1 mais de 4 d\u00e9cadas.<\/p>\t\t\t\t\t\t<\/div>\n\t\t\t\t<\/div>\n\t\t\t\t<div class=\"elementor-element elementor-element-2af7352 elementor-widget elementor-widget-text-editor\" data-id=\"2af7352\" data-element_type=\"widget\" data-widget_type=\"text-editor.default\">\n\t\t\t\t<div class=\"elementor-widget-container\">\n\t\t\t\t\t\t\t<p>Seguran\u00e7a aos propriet\u00e1rios, compradores e locat\u00e1rios.<\/p>\t\t\t\t\t\t<\/div>\n\t\t\t\t<\/div>\n\t\t\t\t<div class=\"elementor-element elementor-element-b5190b1 elementor-align-left elementor-widget__width-auto elementor-widget elementor-widget-button\" data-id=\"b5190b1\" data-element_type=\"widget\" data-widget_type=\"button.default\">\n\t\t\t\t<div class=\"elementor-widget-container\">\n\t\t\t\t\t<div class=\"elementor-button-wrapper\">\n\t\t\t<a href=\"https:\/\/www.protel.com.br\/protel_wp\/contato-aluguel-e-venda-de-imoveis\/\" class=\"elementor-button-link elementor-button elementor-size-sm\" role=\"button\">\n\t\t\t\t\t\t<span class=\"elementor-button-content-wrapper\">\n\t\t\t\t\t\t<span class=\"elementor-button-text\">Quero alugar meu im\u00f3vel<\/span>\n\t\t<\/span>\n\t\t\t\t\t<\/a>\n\t\t<\/div>\n\t\t\t\t<\/div>\n\t\t\t\t<\/div>\n\t\t\t\t<div class=\"elementor-element elementor-element-e379fba elementor-align-left elementor-widget__width-auto elementor-widget elementor-widget-button\" data-id=\"e379fba\" data-element_type=\"widget\" data-widget_type=\"button.default\">\n\t\t\t\t<div class=\"elementor-widget-container\">\n\t\t\t\t\t<div class=\"elementor-button-wrapper\">\n\t\t\t<a href=\"https:\/\/www.protel.com.br\/protel_wp\/contato-aluguel-e-venda-de-imoveis\/\" class=\"elementor-button-link elementor-button elementor-size-sm\" role=\"button\">\n\t\t\t\t\t\t<span class=\"elementor-button-content-wrapper\">\n\t\t\t\t\t\t<span class=\"elementor-button-text\">Quero vender meu im\u00f3vel<\/span>\n\t\t<\/span>\n\t\t\t\t\t<\/a>\n\t\t<\/div>\n\t\t\t\t<\/div>\n\t\t\t\t<\/div>\n\t\t\t\t<div class=\"elementor-element elementor-element-83d85ae elementor-align-left elementor-widget__width-auto elementor-widget elementor-widget-button\" data-id=\"83d85ae\" data-element_type=\"widget\" data-widget_type=\"button.default\">\n\t\t\t\t<div class=\"elementor-widget-container\">\n\t\t\t\t\t<div class=\"elementor-button-wrapper\">\n\t\t\t<a href=\"https:\/\/corretagem.immobileweb.com.br\/protel\/\" class=\"elementor-button-link elementor-button elementor-size-sm\" role=\"button\">\n\t\t\t\t\t\t<span class=\"elementor-button-content-wrapper\">\n\t\t\t\t\t\t<span class=\"elementor-button-text\">Buscar Im\u00f3veis<\/span>\n\t\t<\/span>\n\t\t\t\t\t<\/a>\n\t\t<\/div>\n\t\t\t\t<\/div>\n\t\t\t\t<\/div>\n\t\t\t\t\t<\/div>\n\t\t<\/div>\n\t\t\t\t\t\t\t<\/div>\n\t\t<\/section>\n\t\t\t\t<section class=\"elementor-section elementor-top-section elementor-element elementor-element-ff8cc13 elementor-section-boxed elementor-section-height-default elementor-section-height-default\" data-id=\"ff8cc13\" data-element_type=\"section\">\n\t\t\t\t\t\t<div class=\"elementor-container elementor-column-gap-default\">\n\t\t\t\t\t<div class=\"elementor-column elementor-col-33 elementor-top-column elementor-element elementor-element-7501b86\" data-id=\"7501b86\" data-element_type=\"column\">\n\t\t\t<div class=\"elementor-widget-wrap elementor-element-populated\">\n\t\t\t\t\t\t\t\t<div class=\"elementor-element elementor-element-8bdb8c0 elementor-position-top elementor-vertical-align-top elementor-widget elementor-widget-image-box\" data-id=\"8bdb8c0\" data-element_type=\"widget\" data-widget_type=\"image-box.default\">\n\t\t\t\t<div class=\"elementor-widget-container\">\n\t\t\t<style>\/*! elementor - v3.7.8 - 02-10-2022 *\/\n.elementor-widget-image-box .elementor-image-box-content{width:100%}@media (min-width:768px){.elementor-widget-image-box.elementor-position-left .elementor-image-box-wrapper,.elementor-widget-image-box.elementor-position-right .elementor-image-box-wrapper{display:-webkit-box;display:-ms-flexbox;display:flex}.elementor-widget-image-box.elementor-position-right .elementor-image-box-wrapper{text-align:right;-webkit-box-orient:horizontal;-webkit-box-direction:reverse;-ms-flex-direction:row-reverse;flex-direction:row-reverse}.elementor-widget-image-box.elementor-position-left .elementor-image-box-wrapper{text-align:left;-webkit-box-orient:horizontal;-webkit-box-direction:normal;-ms-flex-direction:row;flex-direction:row}.elementor-widget-image-box.elementor-position-top .elementor-image-box-img{margin:auto}.elementor-widget-image-box.elementor-vertical-align-top .elementor-image-box-wrapper{-webkit-box-align:start;-ms-flex-align:start;align-items:flex-start}.elementor-widget-image-box.elementor-vertical-align-middle .elementor-image-box-wrapper{-webkit-box-align:center;-ms-flex-align:center;align-items:center}.elementor-widget-image-box.elementor-vertical-align-bottom .elementor-image-box-wrapper{-webkit-box-align:end;-ms-flex-align:end;align-items:flex-end}}@media (max-width:767px){.elementor-widget-image-box .elementor-image-box-img{margin-left:auto!important;margin-right:auto!important;margin-bottom:15px}}.elementor-widget-image-box .elementor-image-box-img{display:inline-block}.elementor-widget-image-box .elementor-image-box-title a{color:inherit}.elementor-widget-image-box .elementor-image-box-wrapper{text-align:center}.elementor-widget-image-box .elementor-image-box-description{margin:0}<\/style><div class=\"elementor-image-box-wrapper\"><figure class=\"elementor-image-box-img\"><img decoding=\"async\" width=\"93\" height=\"92\" src=\"https:\/\/www.protel.com.br\/protel_wp\/wp-content\/uploads\/2022\/07\/icon-resolvemos-questoes.png\" class=\"attachment-full size-full\" alt=\"\" loading=\"lazy\" \/><\/figure><div class=\"elementor-image-box-content\"><div class=\"elementor-image-box-title\">Elabora\u00e7\u00e3o de contrato<\/div><\/div><\/div>\t\t<\/div>\n\t\t\t\t<\/div>\n\t\t\t\t\t<\/div>\n\t\t<\/div>\n\t\t\t\t<div class=\"elementor-column elementor-col-33 elementor-top-column elementor-element elementor-element-4a13c0a\" data-id=\"4a13c0a\" data-element_type=\"column\">\n\t\t\t<div class=\"elementor-widget-wrap elementor-element-populated\">\n\t\t\t\t\t\t\t\t<div class=\"elementor-element elementor-element-e1a48b7 elementor-position-top elementor-vertical-align-top elementor-widget elementor-widget-image-box\" data-id=\"e1a48b7\" data-element_type=\"widget\" data-widget_type=\"image-box.default\">\n\t\t\t\t<div class=\"elementor-widget-container\">\n\t\t\t<div class=\"elementor-image-box-wrapper\"><figure class=\"elementor-image-box-img\"><img decoding=\"async\" width=\"93\" height=\"92\" src=\"https:\/\/www.protel.com.br\/protel_wp\/wp-content\/uploads\/2022\/07\/icon-vistoria.png\" class=\"attachment-full size-full\" alt=\"\" loading=\"lazy\" \/><\/figure><div class=\"elementor-image-box-content\"><div class=\"elementor-image-box-title\">Vistoria e apresenta\u00e7\u00e3o<\/div><\/div><\/div>\t\t<\/div>\n\t\t\t\t<\/div>\n\t\t\t\t\t<\/div>\n\t\t<\/div>\n\t\t\t\t<div class=\"elementor-column elementor-col-33 elementor-top-column elementor-element elementor-element-ce66b12\" data-id=\"ce66b12\" data-element_type=\"column\">\n\t\t\t<div class=\"elementor-widget-wrap elementor-element-populated\">\n\t\t\t\t\t\t\t\t<div class=\"elementor-element elementor-element-f4bed9d elementor-position-top elementor-vertical-align-top elementor-widget elementor-widget-image-box\" data-id=\"f4bed9d\" data-element_type=\"widget\" data-widget_type=\"image-box.default\">\n\t\t\t\t<div class=\"elementor-widget-container\">\n\t\t\t<div class=\"elementor-image-box-wrapper\"><figure class=\"elementor-image-box-img\"><img decoding=\"async\" width=\"93\" height=\"92\" src=\"https:\/\/www.protel.com.br\/protel_wp\/wp-content\/uploads\/2022\/07\/icon-controle.png\" class=\"attachment-full size-full\" alt=\"\" loading=\"lazy\" \/><\/figure><div class=\"elementor-image-box-content\"><div class=\"elementor-image-box-title\">Controle de d\u00e9bitos<\/div><\/div><\/div>\t\t<\/div>\n\t\t\t\t<\/div>\n\t\t\t\t\t<\/div>\n\t\t<\/div>\n\t\t\t\t\t\t\t<\/div>\n\t\t<\/section>\n\t\t\t\t<section class=\"elementor-section elementor-top-section elementor-element elementor-element-dfc04f4 elementor-section-boxed elementor-section-height-default elementor-section-height-default\" data-id=\"dfc04f4\" data-element_type=\"section\">\n\t\t\t\t\t\t<div class=\"elementor-container elementor-column-gap-default\">\n\t\t\t\t\t<div class=\"elementor-column elementor-col-100 elementor-top-column elementor-element elementor-element-5dbf534\" data-id=\"5dbf534\" data-element_type=\"column\">\n\t\t\t<div class=\"elementor-widget-wrap elementor-element-populated\">\n\t\t\t\t\t\t\t\t<div class=\"elementor-element elementor-element-c882868 elementor-widget elementor-widget-heading\" data-id=\"c882868\" data-element_type=\"widget\" data-widget_type=\"heading.default\">\n\t\t\t\t<div class=\"elementor-widget-container\">\n\t\t\t<h2 class=\"elementor-heading-title elementor-size-default\">Divulgamos o seu im\u00f3vel!<\/h2>\t\t<\/div>\n\t\t\t\t<\/div>\n\t\t\t\t<section class=\"elementor-section elementor-inner-section elementor-element elementor-element-940c9a9 elementor-section-content-middle elementor-section-boxed elementor-section-height-default elementor-section-height-default\" data-id=\"940c9a9\" data-element_type=\"section\">\n\t\t\t\t\t\t<div class=\"elementor-container elementor-column-gap-default\">\n\t\t\t\t\t<div class=\"elementor-column elementor-col-50 elementor-inner-column elementor-element elementor-element-177a982\" data-id=\"177a982\" data-element_type=\"column\">\n\t\t\t<div class=\"elementor-widget-wrap elementor-element-populated\">\n\t\t\t\t\t\t\t\t<div class=\"elementor-element elementor-element-8e771bd elementor-widget elementor-widget-image\" data-id=\"8e771bd\" data-element_type=\"widget\" data-widget_type=\"image.default\">\n\t\t\t\t<div class=\"elementor-widget-container\">\n\t\t\t<style>\/*! elementor - v3.7.8 - 02-10-2022 *\/\n.elementor-widget-image{text-align:center}.elementor-widget-image a{display:inline-block}.elementor-widget-image a img[src$=\".svg\"]{width:48px}.elementor-widget-image img{vertical-align:middle;display:inline-block}<\/style>\t\t\t\t\t\t\t\t\t\t\t\t<img decoding=\"async\" width=\"407\" height=\"381\" src=\"https:\/\/www.protel.com.br\/protel_wp\/wp-content\/uploads\/2022\/07\/protel-divulgamos-seu-imovel.jpg\" class=\"attachment-large size-large\" alt=\"\" loading=\"lazy\" srcset=\"https:\/\/www.protel.com.br\/protel_wp\/wp-content\/uploads\/2022\/07\/protel-divulgamos-seu-imovel.jpg 407w, https:\/\/www.protel.com.br\/protel_wp\/wp-content\/uploads\/2022\/07\/protel-divulgamos-seu-imovel-300x281.jpg 300w\" sizes=\"(max-width: 407px) 100vw, 407px\" \/>\t\t\t\t\t\t\t\t\t\t\t\t\t\t\t<\/div>\n\t\t\t\t<\/div>\n\t\t\t\t\t<\/div>\n\t\t<\/div>\n\t\t\t\t<div class=\"elementor-column elementor-col-50 elementor-inner-column elementor-element elementor-element-c6bea88\" data-id=\"c6bea88\" data-element_type=\"column\">\n\t\t\t<div class=\"elementor-widget-wrap elementor-element-populated\">\n\t\t\t\t\t\t\t\t<div class=\"elementor-element elementor-element-1605a74 elementor-widget elementor-widget-text-editor\" data-id=\"1605a74\" data-element_type=\"widget\" data-widget_type=\"text-editor.default\">\n\t\t\t\t<div class=\"elementor-widget-container\">\n\t\t\t\t\t\t\t<p><span style=\"font-weight: 400;\">Disponibilizamos o servi\u00e7o de divulga\u00e7\u00e3o do seu im\u00f3vel em nosso site e nos buscadores de maior visibilidade do mercado.<\/span><\/p><p>Dessa forma, voc\u00ea ALUGA ou VENDE o seu im\u00f3vel muito mais r\u00e1pido e com total facilidade.<\/p>\t\t\t\t\t\t<\/div>\n\t\t\t\t<\/div>\n\t\t\t\t<div class=\"elementor-element elementor-element-21c7ffc elementor-align-left elementor-widget elementor-widget-button\" data-id=\"21c7ffc\" data-element_type=\"widget\" data-widget_type=\"button.default\">\n\t\t\t\t<div class=\"elementor-widget-container\">\n\t\t\t\t\t<div class=\"elementor-button-wrapper\">\n\t\t\t<a href=\"https:\/\/www.protel.com.br\/protel_wp\/contato-aluguel-e-venda-de-imoveis\/\" class=\"elementor-button-link elementor-button elementor-size-sm\" role=\"button\">\n\t\t\t\t\t\t<span class=\"elementor-button-content-wrapper\">\n\t\t\t\t\t\t<span class=\"elementor-button-text\">Quero saber mais<\/span>\n\t\t<\/span>\n\t\t\t\t\t<\/a>\n\t\t<\/div>\n\t\t\t\t<\/div>\n\t\t\t\t<\/div>\n\t\t\t\t\t<\/div>\n\t\t<\/div>\n\t\t\t\t\t\t\t<\/div>\n\t\t<\/section>\n\t\t\t\t\t<\/div>\n\t\t<\/div>\n\t\t\t\t\t\t\t<\/div>\n\t\t<\/section>\n\t\t\t\t<section class=\"elementor-section elementor-top-section elementor-element elementor-element-92b2471 elementor-section-boxed elementor-section-height-default elementor-section-height-default\" data-id=\"92b2471\" data-element_type=\"section\">\n\t\t\t\t\t\t<div class=\"elementor-container elementor-column-gap-default\">\n\t\t\t\t\t<div class=\"elementor-column elementor-col-100 elementor-top-column elementor-element elementor-element-c6ac7b5\" data-id=\"c6ac7b5\" data-element_type=\"column\">\n\t\t\t<div class=\"elementor-widget-wrap elementor-element-populated\">\n\t\t\t\t\t\t\t\t<div class=\"elementor-element elementor-element-daa0191 elementor-widget elementor-widget-heading\" data-id=\"daa0191\" data-element_type=\"widget\" data-widget_type=\"heading.default\">\n\t\t\t\t<div class=\"elementor-widget-container\">\n\t\t\t<h2 class=\"elementor-heading-title elementor-size-default\">Veja como \u00e9 ter a Protel como parceira:<\/h2>\t\t<\/div>\n\t\t\t\t<\/div>\n\t\t\t\t<div class=\"elementor-element elementor-element-2c22e39 elementor-widget elementor-widget-image\" data-id=\"2c22e39\" data-element_type=\"widget\" data-widget_type=\"image.default\">\n\t\t\t\t<div class=\"elementor-widget-container\">\n\t\t\t\t\t\t\t\t\t\t\t\t\t\t\t<img decoding=\"async\" width=\"1024\" height=\"565\" src=\"https:\/\/www.protel.com.br\/protel_wp\/wp-content\/uploads\/2022\/10\/01-novo-1024x565.png\" class=\"attachment-large size-large\" alt=\"\" loading=\"lazy\" srcset=\"https:\/\/www.protel.com.br\/protel_wp\/wp-content\/uploads\/2022\/10\/01-novo-1024x565.png 1024w, https:\/\/www.protel.com.br\/protel_wp\/wp-content\/uploads\/2022\/10\/01-novo-300x165.png 300w, https:\/\/www.protel.com.br\/protel_wp\/wp-content\/uploads\/2022\/10\/01-novo-768x424.png 768w, https:\/\/www.protel.com.br\/protel_wp\/wp-content\/uploads\/2022\/10\/01-novo.png 1088w\" sizes=\"(max-width: 1024px) 100vw, 1024px\" \/>\t\t\t\t\t\t\t\t\t\t\t\t\t\t\t<\/div>\n\t\t\t\t<\/div>\n\t\t\t\t\t<\/div>\n\t\t<\/div>\n\t\t\t\t\t\t\t<\/div>\n\t\t<\/section>\n\t\t\t\t<section class=\"elementor-section elementor-top-section elementor-element elementor-element-a11bf27 elementor-section-boxed elementor-section-height-default elementor-section-height-default\" data-id=\"a11bf27\" data-element_type=\"section\" id=\"anunciar\">\n\t\t\t\t\t\t<div class=\"elementor-container elementor-column-gap-default\">\n\t\t\t\t\t<div class=\"elementor-column elementor-col-100 elementor-top-column elementor-element elementor-element-e3305c6\" data-id=\"e3305c6\" data-element_type=\"column\">\n\t\t\t<div class=\"elementor-widget-wrap elementor-element-populated\">\n\t\t\t\t\t\t\t\t<div class=\"elementor-element elementor-element-8c58ef5 elementor-widget elementor-widget-heading\" data-id=\"8c58ef5\" data-element_type=\"widget\" data-widget_type=\"heading.default\">\n\t\t\t\t<div class=\"elementor-widget-container\">\n\t\t\t<h2 class=\"elementor-heading-title elementor-size-default\">Anuncie conosco<\/h2>\t\t<\/div>\n\t\t\t\t<\/div>\n\t\t\t\t<div class=\"elementor-element elementor-element-e8464a2 contact-form elementor-widget elementor-widget-shortcode\" data-id=\"e8464a2\" data-element_type=\"widget\" data-widget_type=\"shortcode.default\">\n\t\t\t\t<div class=\"elementor-widget-container\">\n\t\t\t\t\t<div class=\"elementor-shortcode\"><div role=\"form\" class=\"wpcf7\" id=\"wpcf7-f435-o1\" lang=\"pt-BR\" dir=\"ltr\">\n<div class=\"screen-reader-response\"><p role=\"status\" aria-live=\"polite\" aria-atomic=\"true\"><\/p> <ul><\/ul><\/div>\n<form action=\"\/protel_wp\/wp-json\/wp\/v2\/pages\/110#wpcf7-f435-o1\" method=\"post\" class=\"wpcf7-form init\" novalidate=\"novalidate\" data-status=\"init\">\n<div style=\"display: none;\">\n<input type=\"hidden\" name=\"_wpcf7\" value=\"435\" \/>\n<input type=\"hidden\" name=\"_wpcf7_version\" value=\"5.6.4\" \/>\n<input type=\"hidden\" name=\"_wpcf7_locale\" value=\"pt_BR\" \/>\n<input type=\"hidden\" name=\"_wpcf7_unit_tag\" value=\"wpcf7-f435-o1\" \/>\n<input type=\"hidden\" name=\"_wpcf7_container_post\" value=\"0\" \/>\n<input type=\"hidden\" name=\"_wpcf7_posted_data_hash\" value=\"\" \/>\n<input type=\"hidden\" name=\"_wpcf7cf_hidden_group_fields\" value=\"[]\" \/>\n<input type=\"hidden\" name=\"_wpcf7cf_hidden_groups\" value=\"[]\" \/>\n<input type=\"hidden\" name=\"_wpcf7cf_visible_groups\" value=\"[]\" \/>\n<input type=\"hidden\" name=\"_wpcf7cf_repeaters\" value=\"[]\" \/>\n<input type=\"hidden\" name=\"_wpcf7cf_steps\" value=\"{}\" \/>\n<input type=\"hidden\" name=\"_wpcf7cf_options\" value=\"{&quot;form_id&quot;:435,&quot;conditions&quot;:[],&quot;settings&quot;:{&quot;animation&quot;:&quot;yes&quot;,&quot;animation_intime&quot;:200,&quot;animation_outtime&quot;:200,&quot;conditions_ui&quot;:&quot;normal&quot;,&quot;notice_dismissed&quot;:false}}\" \/>\n<input type=\"hidden\" name=\"_wpcf7_recaptcha_response\" value=\"\" \/>\n<\/div>\n<div class=\"contact-grid\">\n<div class=\"contact-grid-item-half\">\n\t\t<label><span class=\"wpcf7-form-control-wrap\" data-name=\"nome\"><input type=\"text\" name=\"nome\" value=\"\" size=\"40\" class=\"wpcf7-form-control wpcf7-text wpcf7-validates-as-required\" aria-required=\"true\" aria-invalid=\"false\" placeholder=\"Nome:\" \/><\/span><\/label>\n\t<\/div>\n<div class=\"contact-grid-item-half\">\n\t\t<label><span class=\"wpcf7-form-control-wrap\" data-name=\"email\"><input type=\"email\" name=\"email\" value=\"\" size=\"40\" class=\"wpcf7-form-control wpcf7-text wpcf7-email wpcf7-validates-as-required wpcf7-validates-as-email\" aria-required=\"true\" aria-invalid=\"false\" placeholder=\"E-mail:\" \/><\/span><\/label>\n\t<\/div>\n<div class=\"contact-grid-item-half\">\n\t\t<label><span class=\"wpcf7-form-control-wrap\" data-name=\"telefone\"><input type=\"text\" name=\"telefone\" value=\"\" size=\"40\" class=\"wpcf7-form-control wpcf7-text wpcf7-validates-as-required\" aria-required=\"true\" aria-invalid=\"false\" placeholder=\"Telefone:\" \/><\/span><\/label>\n\t<\/div>\n<div class=\"contact-grid-item-half\">\n\t\t<label><span class=\"wpcf7-form-control-wrap\" data-name=\"tipo\"><select name=\"tipo\" class=\"wpcf7-form-control wpcf7-select wpcf7-validates-as-required business-type\" aria-required=\"true\" aria-invalid=\"false\"><option value=\"Vender ou Alugar?\">Vender ou Alugar?<\/option><option value=\"Vender\">Vender<\/option><option value=\"Alugar\">Alugar<\/option><\/select><\/span><\/label>\n\t<\/div>\n<div class=\"contact-grid-item-half\">\n\t\t<label><span class=\"wpcf7-form-control-wrap\" data-name=\"imovel\"><input type=\"text\" name=\"imovel\" value=\"\" size=\"40\" class=\"wpcf7-form-control wpcf7-text wpcf7-validates-as-required\" aria-required=\"true\" aria-invalid=\"false\" placeholder=\"Tipo de Im\u00f3vel:\" \/><\/span><\/label>\n\t<\/div>\n<div class=\"contact-grid-item-half\">\n\t\t<label><span class=\"wpcf7-form-control-wrap\" data-name=\"cep\"><input type=\"text\" name=\"cep\" value=\"\" size=\"40\" class=\"wpcf7-form-control wpcf7-text wpcf7-validates-as-required\" aria-required=\"true\" aria-invalid=\"false\" placeholder=\"CEP:\" \/><\/span><\/label>\n\t<\/div>\n<div class=\"contact-grid-item-full\">\n\t\t<input type=\"submit\" value=\"Enviar\" class=\"wpcf7-form-control has-spinner wpcf7-submit btn-send\" \/>\n\t<\/div>\n<\/div>\n<div class=\"wpcf7-response-output\" aria-hidden=\"true\"><\/div><\/form><\/div><\/div>\n\t\t\t\t<\/div>\n\t\t\t\t<\/div>\n\t\t\t\t\t<\/div>\n\t\t<\/div>\n\t\t\t\t\t\t\t<\/div>\n\t\t<\/section>\n\t\t\t\t\t\t\t<\/div>\n\t\t","protected":false},"excerpt":{"rendered":"<p>Aluguel e venda de im\u00f3veis Viva a experi\u00eancia de alugar, vender ou comprar um im\u00f3vel com quem tem expertise no que faz h\u00e1 mais de 4 d\u00e9cadas. Seguran\u00e7a aos propriet\u00e1rios, compradores e locat\u00e1rios. Quero alugar meu im\u00f3vel Quero vender meu im\u00f3vel Buscar Im\u00f3veis Elabora\u00e7\u00e3o de contrato Vistoria e apresenta\u00e7\u00e3o Controle de d\u00e9bitos Divulgamos o seu [&hellip;]<\/p>\n","protected":false},"author":1,"featured_media":0,"parent":0,"menu_order":0,"comment_status":"closed","ping_status":"closed","template":"","meta":[],"acf":[],"yoast_head":"<!-- This site is optimized with the Yoast SEO plugin v19.8 - https:\/\/yoast.com\/wordpress\/plugins\/seo\/ -->\n<title>Aluguel e venda de im\u00f3veis - Protel<\/title>\n<meta name=\"robots\" content=\"index, follow, max-snippet:-1, max-image-preview:large, max-video-preview:-1\" \/>\n<link rel=\"canonical\" href=\"https:\/\/www.protel.com.br\/protel_wp\/aluguel-e-venda-de-imoveis\/\" \/>\n<meta property=\"og:locale\" content=\"pt_BR\" \/>\n<meta property=\"og:type\" content=\"article\" \/>\n<meta property=\"og:title\" content=\"Aluguel e venda de im\u00f3veis - Protel\" \/>\n<meta property=\"og:description\" content=\"Aluguel e venda de im\u00f3veis Viva a experi\u00eancia de alugar, vender ou comprar um im\u00f3vel com quem tem expertise no que faz h\u00e1 mais de 4 d\u00e9cadas. Seguran\u00e7a aos propriet\u00e1rios, compradores e locat\u00e1rios. Quero alugar meu im\u00f3vel Quero vender meu im\u00f3vel Buscar Im\u00f3veis Elabora\u00e7\u00e3o de contrato Vistoria e apresenta\u00e7\u00e3o Controle de d\u00e9bitos Divulgamos o seu [&hellip;]\" \/>\n<meta property=\"og:url\" content=\"https:\/\/www.protel.com.br\/protel_wp\/aluguel-e-venda-de-imoveis\/\" \/>\n<meta property=\"og:site_name\" content=\"Protel\" \/>\n<meta property=\"article:modified_time\" content=\"2024-08-09T18:27:59+00:00\" \/>\n<meta property=\"og:image\" content=\"https:\/\/www.protel.com.br\/protel_wp\/wp-content\/uploads\/2022\/07\/icon-resolvemos-questoes.png\" \/>\n<meta name=\"twitter:card\" content=\"summary_large_image\" \/>\n<meta name=\"twitter:label1\" content=\"Est. tempo de leitura\" \/>\n\t<meta name=\"twitter:data1\" content=\"2 minutos\" \/>\n<script type=\"application\/ld+json\" class=\"yoast-schema-graph\">{\"@context\":\"https:\/\/schema.org\",\"@graph\":[{\"@type\":\"WebPage\",\"@id\":\"https:\/\/www.protel.com.br\/protel_wp\/aluguel-e-venda-de-imoveis\/\",\"url\":\"https:\/\/www.protel.com.br\/protel_wp\/aluguel-e-venda-de-imoveis\/\",\"name\":\"Aluguel e venda de im\u00f3veis - Protel\",\"isPartOf\":{\"@id\":\"https:\/\/www.protel.com.br\/protel_wp\/#website\"},\"datePublished\":\"2022-07-11T16:00:51+00:00\",\"dateModified\":\"2024-08-09T18:27:59+00:00\",\"breadcrumb\":{\"@id\":\"https:\/\/www.protel.com.br\/protel_wp\/aluguel-e-venda-de-imoveis\/#breadcrumb\"},\"inLanguage\":\"pt-BR\",\"potentialAction\":[{\"@type\":\"ReadAction\",\"target\":[\"https:\/\/www.protel.com.br\/protel_wp\/aluguel-e-venda-de-imoveis\/\"]}]},{\"@type\":\"BreadcrumbList\",\"@id\":\"https:\/\/www.protel.com.br\/protel_wp\/aluguel-e-venda-de-imoveis\/#breadcrumb\",\"itemListElement\":[{\"@type\":\"ListItem\",\"position\":1,\"name\":\"Protel administra\u00e7\u00e3o de condom\u00ednios\",\"item\":\"https:\/\/www.protel.com.br\/protel_wp\/\"},{\"@type\":\"ListItem\",\"position\":2,\"name\":\"Aluguel e venda de im\u00f3veis\"}]},{\"@type\":\"WebSite\",\"@id\":\"https:\/\/www.protel.com.br\/protel_wp\/#website\",\"url\":\"https:\/\/www.protel.com.br\/protel_wp\/\",\"name\":\"Protel\",\"description\":\"Administra\u00e7\u00e3o de Condom\u00ednios\",\"publisher\":{\"@id\":\"https:\/\/www.protel.com.br\/protel_wp\/#organization\"},\"potentialAction\":[{\"@type\":\"SearchAction\",\"target\":{\"@type\":\"EntryPoint\",\"urlTemplate\":\"https:\/\/www.protel.com.br\/protel_wp\/?s={search_term_string}\"},\"query-input\":\"required name=search_term_string\"}],\"inLanguage\":\"pt-BR\"},{\"@type\":\"Organization\",\"@id\":\"https:\/\/www.protel.com.br\/protel_wp\/#organization\",\"name\":\"Protel\",\"url\":\"https:\/\/www.protel.com.br\/protel_wp\/\",\"sameAs\":[],\"logo\":{\"@type\":\"ImageObject\",\"inLanguage\":\"pt-BR\",\"@id\":\"https:\/\/www.protel.com.br\/protel_wp\/#\/schema\/logo\/image\/\",\"url\":\"https:\/\/www.protel.com.br\/protel_wp\/wp-content\/uploads\/2022\/07\/protel-administracao-de-condominios.png\",\"contentUrl\":\"https:\/\/www.protel.com.br\/protel_wp\/wp-content\/uploads\/2022\/07\/protel-administracao-de-condominios.png\",\"width\":524,\"height\":200,\"caption\":\"Protel\"},\"image\":{\"@id\":\"https:\/\/www.protel.com.br\/protel_wp\/#\/schema\/logo\/image\/\"}}]}<\/script>\n<!-- \/ Yoast SEO plugin. -->","yoast_head_json":{"title":"Aluguel e venda de im\u00f3veis - Protel","robots":{"index":"index","follow":"follow","max-snippet":"max-snippet:-1","max-image-preview":"max-image-preview:large","max-video-preview":"max-video-preview:-1"},"canonical":"https:\/\/www.protel.com.br\/protel_wp\/aluguel-e-venda-de-imoveis\/","og_locale":"pt_BR","og_type":"article","og_title":"Aluguel e venda de im\u00f3veis - Protel","og_description":"Aluguel e venda de im\u00f3veis Viva a experi\u00eancia de alugar, vender ou comprar um im\u00f3vel com quem tem expertise no que faz h\u00e1 mais de 4 d\u00e9cadas. Seguran\u00e7a aos propriet\u00e1rios, compradores e locat\u00e1rios. Quero alugar meu im\u00f3vel Quero vender meu im\u00f3vel Buscar Im\u00f3veis Elabora\u00e7\u00e3o de contrato Vistoria e apresenta\u00e7\u00e3o Controle de d\u00e9bitos Divulgamos o seu [&hellip;]","og_url":"https:\/\/www.protel.com.br\/protel_wp\/aluguel-e-venda-de-imoveis\/","og_site_name":"Protel","article_modified_time":"2024-08-09T18:27:59+00:00","og_image":[{"url":"https:\/\/www.protel.com.br\/protel_wp\/wp-content\/uploads\/2022\/07\/icon-resolvemos-questoes.png"}],"twitter_card":"summary_large_image","twitter_misc":{"Est. tempo de leitura":"2 minutos"},"schema":{"@context":"https:\/\/schema.org","@graph":[{"@type":"WebPage","@id":"https:\/\/www.protel.com.br\/protel_wp\/aluguel-e-venda-de-imoveis\/","url":"https:\/\/www.protel.com.br\/protel_wp\/aluguel-e-venda-de-imoveis\/","name":"Aluguel e venda de im\u00f3veis - Protel","isPartOf":{"@id":"https:\/\/www.protel.com.br\/protel_wp\/#website"},"datePublished":"2022-07-11T16:00:51+00:00","dateModified":"2024-08-09T18:27:59+00:00","breadcrumb":{"@id":"https:\/\/www.protel.com.br\/protel_wp\/aluguel-e-venda-de-imoveis\/#breadcrumb"},"inLanguage":"pt-BR","potentialAction":[{"@type":"ReadAction","target":["https:\/\/www.protel.com.br\/protel_wp\/aluguel-e-venda-de-imoveis\/"]}]},{"@type":"BreadcrumbList","@id":"https:\/\/www.protel.com.br\/protel_wp\/aluguel-e-venda-de-imoveis\/#breadcrumb","itemListElement":[{"@type":"ListItem","position":1,"name":"Protel administra\u00e7\u00e3o de condom\u00ednios","item":"https:\/\/www.protel.com.br\/protel_wp\/"},{"@type":"ListItem","position":2,"name":"Aluguel e venda de im\u00f3veis"}]},{"@type":"WebSite","@id":"https:\/\/www.protel.com.br\/protel_wp\/#website","url":"https:\/\/www.protel.com.br\/protel_wp\/","name":"Protel","description":"Administra\u00e7\u00e3o de Condom\u00ednios","publisher":{"@id":"https:\/\/www.protel.com.br\/protel_wp\/#organization"},"potentialAction":[{"@type":"SearchAction","target":{"@type":"EntryPoint","urlTemplate":"https:\/\/www.protel.com.br\/protel_wp\/?s={search_term_string}"},"query-input":"required name=search_term_string"}],"inLanguage":"pt-BR"},{"@type":"Organization","@id":"https:\/\/www.protel.com.br\/protel_wp\/#organization","name":"Protel","url":"https:\/\/www.protel.com.br\/protel_wp\/","sameAs":[],"logo":{"@type":"ImageObject","inLanguage":"pt-BR","@id":"https:\/\/www.protel.com.br\/protel_wp\/#\/schema\/logo\/image\/","url":"https:\/\/www.protel.com.br\/protel_wp\/wp-content\/uploads\/2022\/07\/protel-administracao-de-condominios.png","contentUrl":"https:\/\/www.protel.com.br\/protel_wp\/wp-content\/uploads\/2022\/07\/protel-administracao-de-condominios.png","width":524,"height":200,"caption":"Protel"},"image":{"@id":"https:\/\/www.protel.com.br\/protel_wp\/#\/schema\/logo\/image\/"}}]}},"_links":{"self":[{"href":"https:\/\/www.protel.com.br\/protel_wp\/wp-json\/wp\/v2\/pages\/110"}],"collection":[{"href":"https:\/\/www.protel.com.br\/protel_wp\/wp-json\/wp\/v2\/pages"}],"about":[{"href":"https:\/\/www.protel.com.br\/protel_wp\/wp-json\/wp\/v2\/types\/page"}],"author":[{"embeddable":true,"href":"https:\/\/www.protel.com.br\/protel_wp\/wp-json\/wp\/v2\/users\/1"}],"replies":[{"embeddable":true,"href":"https:\/\/www.protel.com.br\/protel_wp\/wp-json\/wp\/v2\/comments?post=110"}],"version-history":[{"count":86,"href":"https:\/\/www.protel.com.br\/protel_wp\/wp-json\/wp\/v2\/pages\/110\/revisions"}],"predecessor-version":[{"id":4433,"href":"https:\/\/www.protel.com.br\/protel_wp\/wp-json\/wp\/v2\/pages\/110\/revisions\/4433"}],"wp:attachment":[{"href":"https:\/\/www.protel.com.br\/protel_wp\/wp-json\/wp\/v2\/media?parent=110"}],"curies":[{"name":"wp","href":"https:\/\/api.w.org\/{rel}","templated":true}]}}