{"id":308,"date":"2022-07-15T18:28:11","date_gmt":"2022-07-15T21:28:11","guid":{"rendered":"http:\/\/aw5protel.local\/?page_id=308"},"modified":"2024-09-04T08:20:01","modified_gmt":"2024-09-04T11:20:01","slug":"solicite-seu-cartao","status":"publish","type":"page","link":"https:\/\/www.protel.com.br\/protel_wp\/protel-plus-privilege\/solicite-seu-cartao\/","title":{"rendered":"Solicite Seu Cart\u00e3o"},"content":{"rendered":"\t\t<div data-elementor-type=\"wp-page\" data-elementor-id=\"308\" class=\"elementor elementor-308\">\n\t\t\t\t\t\t\t\t\t<section class=\"elementor-section elementor-top-section elementor-element elementor-element-a70230a elementor-section-boxed elementor-section-height-default elementor-section-height-default\" data-id=\"a70230a\" data-element_type=\"section\">\n\t\t\t\t\t\t<div class=\"elementor-container elementor-column-gap-default\">\n\t\t\t\t\t<div class=\"elementor-column elementor-col-100 elementor-top-column elementor-element elementor-element-4f8f42d\" data-id=\"4f8f42d\" data-element_type=\"column\">\n\t\t\t<div class=\"elementor-widget-wrap elementor-element-populated\">\n\t\t\t\t\t\t\t\t<div class=\"elementor-element elementor-element-d4cf10b elementor-widget elementor-widget-heading\" data-id=\"d4cf10b\" data-element_type=\"widget\" data-widget_type=\"heading.default\">\n\t\t\t\t<div class=\"elementor-widget-container\">\n\t\t\t<style>\/*! elementor - v3.7.8 - 02-10-2022 *\/\n.elementor-heading-title{padding:0;margin:0;line-height:1}.elementor-widget-heading .elementor-heading-title[class*=elementor-size-]>a{color:inherit;font-size:inherit;line-height:inherit}.elementor-widget-heading .elementor-heading-title.elementor-size-small{font-size:15px}.elementor-widget-heading .elementor-heading-title.elementor-size-medium{font-size:19px}.elementor-widget-heading .elementor-heading-title.elementor-size-large{font-size:29px}.elementor-widget-heading .elementor-heading-title.elementor-size-xl{font-size:39px}.elementor-widget-heading .elementor-heading-title.elementor-size-xxl{font-size:59px}<\/style><h1 class=\"elementor-heading-title elementor-size-default\">Solicite seu cart\u00e3o<\/h1>\t\t<\/div>\n\t\t\t\t<\/div>\n\t\t\t\t<div class=\"elementor-element elementor-element-b80ff96 elementor-widget elementor-widget-text-editor\" data-id=\"b80ff96\" data-element_type=\"widget\" data-widget_type=\"text-editor.default\">\n\t\t\t\t<div class=\"elementor-widget-container\">\n\t\t\t<style>\/*! elementor - v3.7.8 - 02-10-2022 *\/\n.elementor-widget-text-editor.elementor-drop-cap-view-stacked .elementor-drop-cap{background-color:#818a91;color:#fff}.elementor-widget-text-editor.elementor-drop-cap-view-framed .elementor-drop-cap{color:#818a91;border:3px solid;background-color:transparent}.elementor-widget-text-editor:not(.elementor-drop-cap-view-default) .elementor-drop-cap{margin-top:8px}.elementor-widget-text-editor:not(.elementor-drop-cap-view-default) .elementor-drop-cap-letter{width:1em;height:1em}.elementor-widget-text-editor .elementor-drop-cap{float:left;text-align:center;line-height:1;font-size:50px}.elementor-widget-text-editor .elementor-drop-cap-letter{display:inline-block}<\/style>\t\t\t\t<p>Solicite o seu cart\u00e3o e\/ou adicional sem custo e sem anuidade.<\/p><p><strong>O cart\u00e3o Protel Plus \u00e9 exclusivo para clientes da Protel.<\/strong><\/p><p>\u00a0<\/p><p>Se voc\u00ea \u00e9 um cliente e deseja ter o cart\u00e3o do Clube de Vantagens,<\/p><p>basta acessar o espa\u00e7o destinado aos moradores,\u00a0<a href=\"https:\/\/condominio.protel.com.br\/login\" target=\"_blank\" rel=\"noopener\">clicando aqui<\/a>, com seu login e senha,<\/p><p>dispon\u00edveis na parte superior direita do seu boleto de cota condominial<\/p><p>e clicar em &#8220;solicitar cart\u00e3o Protel Plus&#8221;.<\/p>\t\t\t\t\t\t<\/div>\n\t\t\t\t<\/div>\n\t\t\t\t<div class=\"elementor-element elementor-element-7d8569d elementor-widget elementor-widget-image\" data-id=\"7d8569d\" data-element_type=\"widget\" data-widget_type=\"image.default\">\n\t\t\t\t<div class=\"elementor-widget-container\">\n\t\t\t<style>\/*! elementor - v3.7.8 - 02-10-2022 *\/\n.elementor-widget-image{text-align:center}.elementor-widget-image a{display:inline-block}.elementor-widget-image a img[src$=\".svg\"]{width:48px}.elementor-widget-image img{vertical-align:middle;display:inline-block}<\/style>\t\t\t\t\t\t\t\t\t\t\t\t<img decoding=\"async\" width=\"925\" height=\"369\" src=\"https:\/\/www.protel.com.br\/protel_wp\/wp-content\/uploads\/2022\/07\/protel-clube-vantagens-usuario.jpg\" class=\"attachment-large size-large\" alt=\"\" loading=\"lazy\" srcset=\"https:\/\/www.protel.com.br\/protel_wp\/wp-content\/uploads\/2022\/07\/protel-clube-vantagens-usuario.jpg 925w, https:\/\/www.protel.com.br\/protel_wp\/wp-content\/uploads\/2022\/07\/protel-clube-vantagens-usuario-300x120.jpg 300w, https:\/\/www.protel.com.br\/protel_wp\/wp-content\/uploads\/2022\/07\/protel-clube-vantagens-usuario-768x306.jpg 768w\" sizes=\"(max-width: 925px) 100vw, 925px\" \/>\t\t\t\t\t\t\t\t\t\t\t\t\t\t\t<\/div>\n\t\t\t\t<\/div>\n\t\t\t\t<div class=\"elementor-element elementor-element-238eda3 elementor-widget elementor-widget-text-editor\" data-id=\"238eda3\" data-element_type=\"widget\" data-widget_type=\"text-editor.default\">\n\t\t\t\t<div class=\"elementor-widget-container\">\n\t\t\t\t\t\t\t<p>O cart\u00e3o Protel Plus \u00e9 <strong>exclusivo para clientes da Protel<\/strong>. Se voc\u00ea \u00e9 um cliente e <br>deseja ter o cart\u00e3o do Clube de Vantagens, basta acessar o espa\u00e7o destinados <br>aos moradores, com seu login e senha, que est\u00e3o na parte superior direita do seu <br>boleto de cota condominial, e clicar em &#8216;solicitar cart\u00e3o Protel Plus&#8217;.<\/p>\t\t\t\t\t\t<\/div>\n\t\t\t\t<\/div>\n\t\t\t\t\t<\/div>\n\t\t<\/div>\n\t\t\t\t\t\t\t<\/div>\n\t\t<\/section>\n\t\t\t\t\t\t\t<\/div>\n\t\t","protected":false},"excerpt":{"rendered":"<p>Solicite seu cart\u00e3o Solicite o seu cart\u00e3o e\/ou adicional sem custo e sem anuidade. O cart\u00e3o Protel Plus \u00e9 exclusivo para clientes da Protel. \u00a0 Se voc\u00ea \u00e9 um cliente e deseja ter o cart\u00e3o do Clube de Vantagens, basta acessar o espa\u00e7o destinado aos moradores,\u00a0clicando aqui, com seu login e senha, dispon\u00edveis na parte [&hellip;]<\/p>\n","protected":false},"author":1,"featured_media":0,"parent":22,"menu_order":0,"comment_status":"closed","ping_status":"closed","template":"","meta":[],"acf":[],"yoast_head":"<!-- This site is optimized with the Yoast SEO plugin v19.8 - https:\/\/yoast.com\/wordpress\/plugins\/seo\/ -->\n<title>Solicite Seu Cart\u00e3o - Protel<\/title>\n<meta name=\"robots\" content=\"index, follow, max-snippet:-1, max-image-preview:large, max-video-preview:-1\" \/>\n<link rel=\"canonical\" href=\"https:\/\/www.protel.com.br\/protel_wp\/protel-plus-privilege\/solicite-seu-cartao\/\" \/>\n<meta property=\"og:locale\" content=\"pt_BR\" \/>\n<meta property=\"og:type\" content=\"article\" \/>\n<meta property=\"og:title\" content=\"Solicite Seu Cart\u00e3o - Protel\" \/>\n<meta property=\"og:description\" content=\"Solicite seu cart\u00e3o Solicite o seu cart\u00e3o e\/ou adicional sem custo e sem anuidade. O cart\u00e3o Protel Plus \u00e9 exclusivo para clientes da Protel. \u00a0 Se voc\u00ea \u00e9 um cliente e deseja ter o cart\u00e3o do Clube de Vantagens, basta acessar o espa\u00e7o destinado aos moradores,\u00a0clicando aqui, com seu login e senha, dispon\u00edveis na parte [&hellip;]\" \/>\n<meta property=\"og:url\" content=\"https:\/\/www.protel.com.br\/protel_wp\/protel-plus-privilege\/solicite-seu-cartao\/\" \/>\n<meta property=\"og:site_name\" content=\"Protel\" \/>\n<meta property=\"article:modified_time\" content=\"2024-09-04T11:20:01+00:00\" \/>\n<meta property=\"og:image\" content=\"https:\/\/www.protel.com.br\/protel_wp\/wp-content\/uploads\/2022\/07\/protel-clube-vantagens-usuario.jpg\" \/>\n<meta name=\"twitter:card\" content=\"summary_large_image\" \/>\n<meta name=\"twitter:label1\" content=\"Est. tempo de leitura\" \/>\n\t<meta name=\"twitter:data1\" content=\"1 minuto\" \/>\n<script type=\"application\/ld+json\" class=\"yoast-schema-graph\">{\"@context\":\"https:\/\/schema.org\",\"@graph\":[{\"@type\":\"WebPage\",\"@id\":\"https:\/\/www.protel.com.br\/protel_wp\/protel-plus-privilege\/solicite-seu-cartao\/\",\"url\":\"https:\/\/www.protel.com.br\/protel_wp\/protel-plus-privilege\/solicite-seu-cartao\/\",\"name\":\"Solicite Seu Cart\u00e3o - Protel\",\"isPartOf\":{\"@id\":\"https:\/\/www.protel.com.br\/protel_wp\/#website\"},\"datePublished\":\"2022-07-15T21:28:11+00:00\",\"dateModified\":\"2024-09-04T11:20:01+00:00\",\"breadcrumb\":{\"@id\":\"https:\/\/www.protel.com.br\/protel_wp\/protel-plus-privilege\/solicite-seu-cartao\/#breadcrumb\"},\"inLanguage\":\"pt-BR\",\"potentialAction\":[{\"@type\":\"ReadAction\",\"target\":[\"https:\/\/www.protel.com.br\/protel_wp\/protel-plus-privilege\/solicite-seu-cartao\/\"]}]},{\"@type\":\"BreadcrumbList\",\"@id\":\"https:\/\/www.protel.com.br\/protel_wp\/protel-plus-privilege\/solicite-seu-cartao\/#breadcrumb\",\"itemListElement\":[{\"@type\":\"ListItem\",\"position\":1,\"name\":\"Protel administra\u00e7\u00e3o de condom\u00ednios\",\"item\":\"https:\/\/www.protel.com.br\/protel_wp\/\"},{\"@type\":\"ListItem\",\"position\":2,\"name\":\"Protel Plus Privilege\",\"item\":\"https:\/\/www.protel.com.br\/protel_wp\/?page_id=22\"},{\"@type\":\"ListItem\",\"position\":3,\"name\":\"Solicite Seu Cart\u00e3o\"}]},{\"@type\":\"WebSite\",\"@id\":\"https:\/\/www.protel.com.br\/protel_wp\/#website\",\"url\":\"https:\/\/www.protel.com.br\/protel_wp\/\",\"name\":\"Protel\",\"description\":\"Administra\u00e7\u00e3o de Condom\u00ednios\",\"publisher\":{\"@id\":\"https:\/\/www.protel.com.br\/protel_wp\/#organization\"},\"potentialAction\":[{\"@type\":\"SearchAction\",\"target\":{\"@type\":\"EntryPoint\",\"urlTemplate\":\"https:\/\/www.protel.com.br\/protel_wp\/?s={search_term_string}\"},\"query-input\":\"required name=search_term_string\"}],\"inLanguage\":\"pt-BR\"},{\"@type\":\"Organization\",\"@id\":\"https:\/\/www.protel.com.br\/protel_wp\/#organization\",\"name\":\"Protel\",\"url\":\"https:\/\/www.protel.com.br\/protel_wp\/\",\"sameAs\":[],\"logo\":{\"@type\":\"ImageObject\",\"inLanguage\":\"pt-BR\",\"@id\":\"https:\/\/www.protel.com.br\/protel_wp\/#\/schema\/logo\/image\/\",\"url\":\"https:\/\/www.protel.com.br\/protel_wp\/wp-content\/uploads\/2022\/07\/protel-administracao-de-condominios.png\",\"contentUrl\":\"https:\/\/www.protel.com.br\/protel_wp\/wp-content\/uploads\/2022\/07\/protel-administracao-de-condominios.png\",\"width\":524,\"height\":200,\"caption\":\"Protel\"},\"image\":{\"@id\":\"https:\/\/www.protel.com.br\/protel_wp\/#\/schema\/logo\/image\/\"}}]}<\/script>\n<!-- \/ Yoast SEO plugin. -->","yoast_head_json":{"title":"Solicite Seu Cart\u00e3o - Protel","robots":{"index":"index","follow":"follow","max-snippet":"max-snippet:-1","max-image-preview":"max-image-preview:large","max-video-preview":"max-video-preview:-1"},"canonical":"https:\/\/www.protel.com.br\/protel_wp\/protel-plus-privilege\/solicite-seu-cartao\/","og_locale":"pt_BR","og_type":"article","og_title":"Solicite Seu Cart\u00e3o - Protel","og_description":"Solicite seu cart\u00e3o Solicite o seu cart\u00e3o e\/ou adicional sem custo e sem anuidade. O cart\u00e3o Protel Plus \u00e9 exclusivo para clientes da Protel. \u00a0 Se voc\u00ea \u00e9 um cliente e deseja ter o cart\u00e3o do Clube de Vantagens, basta acessar o espa\u00e7o destinado aos moradores,\u00a0clicando aqui, com seu login e senha, dispon\u00edveis na parte [&hellip;]","og_url":"https:\/\/www.protel.com.br\/protel_wp\/protel-plus-privilege\/solicite-seu-cartao\/","og_site_name":"Protel","article_modified_time":"2024-09-04T11:20:01+00:00","og_image":[{"url":"https:\/\/www.protel.com.br\/protel_wp\/wp-content\/uploads\/2022\/07\/protel-clube-vantagens-usuario.jpg"}],"twitter_card":"summary_large_image","twitter_misc":{"Est. tempo de leitura":"1 minuto"},"schema":{"@context":"https:\/\/schema.org","@graph":[{"@type":"WebPage","@id":"https:\/\/www.protel.com.br\/protel_wp\/protel-plus-privilege\/solicite-seu-cartao\/","url":"https:\/\/www.protel.com.br\/protel_wp\/protel-plus-privilege\/solicite-seu-cartao\/","name":"Solicite Seu Cart\u00e3o - Protel","isPartOf":{"@id":"https:\/\/www.protel.com.br\/protel_wp\/#website"},"datePublished":"2022-07-15T21:28:11+00:00","dateModified":"2024-09-04T11:20:01+00:00","breadcrumb":{"@id":"https:\/\/www.protel.com.br\/protel_wp\/protel-plus-privilege\/solicite-seu-cartao\/#breadcrumb"},"inLanguage":"pt-BR","potentialAction":[{"@type":"ReadAction","target":["https:\/\/www.protel.com.br\/protel_wp\/protel-plus-privilege\/solicite-seu-cartao\/"]}]},{"@type":"BreadcrumbList","@id":"https:\/\/www.protel.com.br\/protel_wp\/protel-plus-privilege\/solicite-seu-cartao\/#breadcrumb","itemListElement":[{"@type":"ListItem","position":1,"name":"Protel administra\u00e7\u00e3o de condom\u00ednios","item":"https:\/\/www.protel.com.br\/protel_wp\/"},{"@type":"ListItem","position":2,"name":"Protel Plus Privilege","item":"https:\/\/www.protel.com.br\/protel_wp\/?page_id=22"},{"@type":"ListItem","position":3,"name":"Solicite Seu Cart\u00e3o"}]},{"@type":"WebSite","@id":"https:\/\/www.protel.com.br\/protel_wp\/#website","url":"https:\/\/www.protel.com.br\/protel_wp\/","name":"Protel","description":"Administra\u00e7\u00e3o de Condom\u00ednios","publisher":{"@id":"https:\/\/www.protel.com.br\/protel_wp\/#organization"},"potentialAction":[{"@type":"SearchAction","target":{"@type":"EntryPoint","urlTemplate":"https:\/\/www.protel.com.br\/protel_wp\/?s={search_term_string}"},"query-input":"required name=search_term_string"}],"inLanguage":"pt-BR"},{"@type":"Organization","@id":"https:\/\/www.protel.com.br\/protel_wp\/#organization","name":"Protel","url":"https:\/\/www.protel.com.br\/protel_wp\/","sameAs":[],"logo":{"@type":"ImageObject","inLanguage":"pt-BR","@id":"https:\/\/www.protel.com.br\/protel_wp\/#\/schema\/logo\/image\/","url":"https:\/\/www.protel.com.br\/protel_wp\/wp-content\/uploads\/2022\/07\/protel-administracao-de-condominios.png","contentUrl":"https:\/\/www.protel.com.br\/protel_wp\/wp-content\/uploads\/2022\/07\/protel-administracao-de-condominios.png","width":524,"height":200,"caption":"Protel"},"image":{"@id":"https:\/\/www.protel.com.br\/protel_wp\/#\/schema\/logo\/image\/"}}]}},"_links":{"self":[{"href":"https:\/\/www.protel.com.br\/protel_wp\/wp-json\/wp\/v2\/pages\/308"}],"collection":[{"href":"https:\/\/www.protel.com.br\/protel_wp\/wp-json\/wp\/v2\/pages"}],"about":[{"href":"https:\/\/www.protel.com.br\/protel_wp\/wp-json\/wp\/v2\/types\/page"}],"author":[{"embeddable":true,"href":"https:\/\/www.protel.com.br\/protel_wp\/wp-json\/wp\/v2\/users\/1"}],"replies":[{"embeddable":true,"href":"https:\/\/www.protel.com.br\/protel_wp\/wp-json\/wp\/v2\/comments?post=308"}],"version-history":[{"count":25,"href":"https:\/\/www.protel.com.br\/protel_wp\/wp-json\/wp\/v2\/pages\/308\/revisions"}],"predecessor-version":[{"id":4923,"href":"https:\/\/www.protel.com.br\/protel_wp\/wp-json\/wp\/v2\/pages\/308\/revisions\/4923"}],"up":[{"embeddable":true,"href":"https:\/\/www.protel.com.br\/protel_wp\/wp-json\/wp\/v2\/pages\/22"}],"wp:attachment":[{"href":"https:\/\/www.protel.com.br\/protel_wp\/wp-json\/wp\/v2\/media?parent=308"}],"curies":[{"name":"wp","href":"https:\/\/api.w.org\/{rel}","templated":true}]}}